{"id":21,"date":"2014-10-06T12:45:04","date_gmt":"2014-10-06T10:45:04","guid":{"rendered":"http:\/\/www.skiclub-troesel.de\/wordpress\/?page_id=21"},"modified":"2026-03-04T17:49:15","modified_gmt":"2026-03-04T15:49:15","slug":"vereinsmeisterschaften","status":"publish","type":"page","link":"https:\/\/www.skiclub-troesel.de\/wordpress\/?page_id=21","title":{"rendered":"Vereinsmeisterschaften"},"content":{"rendered":"<p>Die Vereinsmeister im \u00dcberblick<\/p>\n<p>Um die besten Skifahrer des Skiclubs zu ermitteln, werden j\u00e4hrlich die Vereinsmeisterschaften durchgef\u00fchrt.<\/p>\n<p><strong>Hier die Vereinsmeister im \u00dcberblick<\/strong><\/p>\n<table border=\"1\" width=\"100%\">\n<tbody>\n<tr>\n<td><strong>Jahr \/ Ort<\/strong><\/td>\n<td><strong>Herren<\/strong><\/td>\n<td><strong>Frauen<\/strong><\/td>\n<\/tr>\n<tr>\n<td><a title=\"Vereinsmeisterschaften 2026\" href=\"http:\/\/www.skiclub-troesel.de\/wordpress\/?p=382\">2026 \/ Schladming<\/a><\/td>\n<td>Tim M\u00f6ller<\/td>\n<td>Anne M\u00f6ller<\/td>\n<\/tr>\n<tr>\n<td><a title=\"Vereinsmeisterschaften 2025\" href=\"&quot;http:\/\/www.skiclub-troesel.de\/wordpress\/?p=368\">2025 \/ Schladming<\/a><\/td>\n<td>Tim M\u00f6ller<\/td>\n<td>Silvia M\u00f6ller<\/td>\n<\/tr>\n<tr>\n<td><a title=\"Vereinsmeisterschaften 2024\" href=\"http:\/\/www.skiclub-troesel.de\/wordpress\/?p=349\">2024 \/ Schladming<\/a><\/td>\n<td>Tim M\u00f6ller<\/td>\n<td>Silvia M\u00f6ller<\/td>\n<\/tr>\n<tr>\n<td><a title=\"Vereinsmeisterschaften 2023\" href=\"http:\/\/www.skiclub-troesel.de\/wordpress\/?p=325\">2023 \/ Schladming<\/a><\/td>\n<td>Tim M\u00f6ller<\/td>\n<td>Anne M\u00f6ller<\/td>\n<\/tr>\n<tr>\n<td><a title=\"Vereinsmeisterschaften 2020\" href=\"http:\/\/www.skiclub-troesel.de\/wordpress\/?p=287\">2020 \/ Schladming<\/a><\/td>\n<td>Armin Zink<\/td>\n<td>Anne M\u00f6ller<\/td>\n<\/tr>\n<tr>\n<td><a title=\"Vereinsmeisterschaften 2019\" href=\"http:\/\/www.skiclub-troesel.de\/wordpress\/?p=256\">2019 \/ Schladming<\/a><\/td>\n<td>Michael Jungmann<\/td>\n<td>Silvia M\u00f6ller<\/td>\n<\/tr>\n<tr>\n<td><a title=\"Vereinsmeisterschaften 2018\" href=\"http:\/\/www.skiclub-troesel.de\/wordpress\/?p=223\">2018 \/ Saalbach-Hinterglemm<\/a><\/td>\n<td>Patrick Eck<\/td>\n<td>Corinna Mayer<\/td>\n<\/tr>\n<tr>\n<td><a title=\"Vereinsmeisterschaften 2017\" href=\"http:\/\/www.skiclub-troesel.de\/wordpress\/?p=162\">2017 \/ Saalbach-Hinterglemm<\/a><\/td>\n<td>Stefan Bessler<\/td>\n<td>Silvia M\u00f6ller<\/td>\n<\/tr>\n<tr>\n<td><a title=\"Vereinsmeisterschaften 2016\" href=\"http:\/\/www.skiclub-troesel.de\/wordpress\/?p=133\">2016 \/ Saalbach-Hinterglemm<\/a><\/td>\n<td>Ren\u00e9 Becker<\/td>\n<td>Silvia M\u00f6ller<\/td>\n<\/tr>\n<tr>\n<td><a title=\"Vereinsmeisterschaften 2015\" href=\"http:\/\/www.skiclub-troesel.de\/wordpress\/?p=71\">2015 \/ Saalbach-Hinterglemm<\/a><\/td>\n<td>Til Hecker<\/td>\n<td>Silvia M\u00f6ller<\/td>\n<\/tr>\n<tr>\n<td><a title=\"Vereinsmeisterschaften 2014\" href=\"http:\/\/www.skiclub-troesel.de\/wordpress\/?p=35\">2014 \/ Saalbach-Hinterglemm<\/a><\/td>\n<td>Stefan Bessler<\/td>\n<td>Silvia M\u00f6ller<\/td>\n<\/tr>\n<tr>\n<td><a title=\"Vereinsmeisterschaften 2013\" href=\"http:\/\/www.skiclub-troesel.de\/wordpress\/?p=53\">2013 \/ Saalbach-Hinterglemm<\/a><\/td>\n<td>Stefan Bessler<\/td>\n<td>Britta Lehner<\/td>\n<\/tr>\n<tr>\n<td><a title=\"Vereinsmeisterschaften 2012\" href=\"http:\/\/www.skiclub-troesel.de\/wordpress\/?p=87\">2012 \/ Saalbach-Hinterglemm<\/a><\/td>\n<td>Stefan Bessler<\/td>\n<td>Corinna Schifferdecker<\/td>\n<\/tr>\n<tr>\n<td>2011 \/ Saalbach-Hinterglemm<\/td>\n<td>Stefan Bessler<\/td>\n<td>Silvia M\u00f6ller<\/td>\n<\/tr>\n<tr>\n<td>2010 \/ Zell am Ziller<\/td>\n<td>Michael Jungmann<\/td>\n<td>Christina Jungmann<\/td>\n<\/tr>\n<tr>\n<td>2009 \/ Meiringen-Hasliberg<\/td>\n<td>Michael Jungmann<\/td>\n<td>Michaela B\u00f6hm<\/td>\n<\/tr>\n<tr>\n<td>2008 \/ Engelberg<\/td>\n<td>Patrick Eck<\/td>\n<td>Britta Lehner<\/td>\n<\/tr>\n<tr>\n<td>2007 \/ Melchsee-Frutt<\/td>\n<td>Jens Jungmann<\/td>\n<td>Melanie Jungmann<\/td>\n<\/tr>\n<tr>\n<td>2006 \/ Saalbach-Hinterglemm<\/td>\n<td>Jens Jungmann<\/td>\n<td>Jaqueline Jungmann<\/td>\n<\/tr>\n<tr>\n<td>2005 \/ Saalbach-Hinterglemm<\/td>\n<td>Dirk Lehner<\/td>\n<td>Melanie Jungmann<\/td>\n<\/tr>\n<tr>\n<td>2004 \/ Saalbach-Hinterglemm<\/td>\n<td>Jens Jungmann<\/td>\n<td>Melanie Jungmann<\/td>\n<\/tr>\n<tr>\n<td>2003 \/ Saalbach-Hinterglemm<\/td>\n<td>Jens Jungmann<\/td>\n<td>Melanie Jungmann<\/td>\n<\/tr>\n<tr>\n<td>2002 \/ W\u00e4ngle<\/td>\n<td>Dirk Lehner<\/td>\n<td>Melanie Jungmann<\/td>\n<\/tr>\n<tr>\n<td>2001 \/ W\u00e4ngle<\/td>\n<td>Christian Jungmann<\/td>\n<td>Melanie Jungmann<\/td>\n<\/tr>\n<tr>\n<td>2000 \/ W\u00e4ngle<\/td>\n<td>Christian Jungmann<\/td>\n<td>Silke Stecher<\/td>\n<\/tr>\n<tr>\n<td>1999 \/ W\u00e4ngle<\/td>\n<td>Christian Jungmann<\/td>\n<td>Heike Vetter<\/td>\n<\/tr>\n<tr>\n<td>1998 \/ W\u00e4ngle<\/td>\n<td>Christian Jungmann<\/td>\n<td>Heike Vetter<\/td>\n<\/tr>\n<tr>\n<td>1997 \/ W\u00e4ngle<\/td>\n<td>Dirk Lehner<\/td>\n<td>Heike Vetter<\/td>\n<\/tr>\n<tr>\n<td>1996 \/ W\u00e4ngle<\/td>\n<td>Christian Jungmann<\/td>\n<td>Heike Vetter<\/td>\n<\/tr>\n<tr>\n<td>1995 \/ W\u00e4ngle<\/td>\n<td>Dirk Lehner<\/td>\n<td>Heike Vetter<\/td>\n<\/tr>\n<tr>\n<td>1994 \/ W\u00e4ngle<\/td>\n<td>Kai Becker<\/td>\n<td>Heike Vetter<\/td>\n<\/tr>\n<tr>\n<td>1993 \/ W\u00e4ngle<\/td>\n<td>Dirk Lehner<\/td>\n<td>Heike Vetter<\/td>\n<\/tr>\n<tr>\n<td>1992 \/ W\u00e4ngle<\/td>\n<td>Dirk Lehner<\/td>\n<td>Heike Vetter<\/td>\n<\/tr>\n<tr>\n<td>1991 \/ W\u00e4ngle<\/td>\n<td>Dirk Lehner<\/td>\n<td>Heike Vetter<\/td>\n<\/tr>\n<tr>\n<td>1990 \/ W\u00e4ngle<\/td>\n<td>Markus Haas<\/td>\n<td>Sabine Mayer<\/td>\n<\/tr>\n<tr>\n<td>1989 \/ W\u00e4ngle<\/td>\n<td>Reiner Vetter<\/td>\n<td>Heike Vetter<\/td>\n<\/tr>\n<tr>\n<td>1988 \/ Todtnauberg<\/td>\n<td>Reiner Vetter<\/td>\n<td>Heike Vetter<\/td>\n<\/tr>\n<tr>\n<td>1987 \/ Todtnauberg<\/td>\n<td>Michael Schuhmacher<\/td>\n<td>Sabine Zink<\/td>\n<\/tr>\n<tr>\n<td>1986 \/ Todtnauberg<\/td>\n<td>Armin Zink<\/td>\n<td>Sabine Zink<\/td>\n<\/tr>\n<tr>\n<td>1985 \/ Tannheimertal<\/td>\n<td>Armin Zink<\/td>\n<td>Sabine Zink<\/td>\n<\/tr>\n<tr>\n<td>1984 \/ Todtnauberg<\/td>\n<td>Heinz Stumpf<\/td>\n<td>Sabine Zink<\/td>\n<\/tr>\n<tr>\n<td>1983 \/ Mellau<\/td>\n<td>Herbert Sevignani<\/td>\n<td>Sabine Mayer<\/td>\n<\/tr>\n<tr>\n<td>1982 \/ Todtnauberg<\/td>\n<td>Gerhard Emig<\/td>\n<td>Gaby Oberle<\/td>\n<\/tr>\n<tr>\n<td>1981<\/td>\n<td>Gerhard Emig<\/td>\n<td>Inge Kungel<\/td>\n<\/tr>\n<tr>\n<td>1980<\/td>\n<td>Gerhard Emig<\/td>\n<td>Inge Kungel<\/td>\n<\/tr>\n<tr>\n<td>1979<\/td>\n<td>Gerhard Emig<\/td>\n<td><\/td>\n<\/tr>\n<tr>\n<td>1978<\/td>\n<td>Gerhard Emig<\/td>\n<td><\/td>\n<\/tr>\n<\/tbody>\n<\/table>\n","protected":false},"excerpt":{"rendered":"<p>Die Vereinsmeister im \u00dcberblick Um die besten Skifahrer des Skiclubs zu ermitteln, werden j\u00e4hrlich die Vereinsmeisterschaften durchgef\u00fchrt. Hier die Vereinsmeister im \u00dcberblick Jahr \/ Ort Herren Frauen 2026 \/ Schladming Tim M\u00f6ller Anne M\u00f6ller 2025 \/ Schladming Tim M\u00f6ller Silvia &#8230; <a class=\"more-link\" href=\"https:\/\/www.skiclub-troesel.de\/wordpress\/?page_id=21\">Read More &raquo;<\/a><\/p>\n","protected":false},"author":1,"featured_media":0,"parent":0,"menu_order":0,"comment_status":"closed","ping_status":"open","template":"","meta":{"footnotes":""},"class_list":["post-21","page","type-page","status-publish","hentry"],"_links":{"self":[{"href":"https:\/\/www.skiclub-troesel.de\/wordpress\/index.php?rest_route=\/wp\/v2\/pages\/21","targetHints":{"allow":["GET"]}}],"collection":[{"href":"https:\/\/www.skiclub-troesel.de\/wordpress\/index.php?rest_route=\/wp\/v2\/pages"}],"about":[{"href":"https:\/\/www.skiclub-troesel.de\/wordpress\/index.php?rest_route=\/wp\/v2\/types\/page"}],"author":[{"embeddable":true,"href":"https:\/\/www.skiclub-troesel.de\/wordpress\/index.php?rest_route=\/wp\/v2\/users\/1"}],"replies":[{"embeddable":true,"href":"https:\/\/www.skiclub-troesel.de\/wordpress\/index.php?rest_route=%2Fwp%2Fv2%2Fcomments&post=21"}],"version-history":[{"count":20,"href":"https:\/\/www.skiclub-troesel.de\/wordpress\/index.php?rest_route=\/wp\/v2\/pages\/21\/revisions"}],"predecessor-version":[{"id":378,"href":"https:\/\/www.skiclub-troesel.de\/wordpress\/index.php?rest_route=\/wp\/v2\/pages\/21\/revisions\/378"}],"wp:attachment":[{"href":"https:\/\/www.skiclub-troesel.de\/wordpress\/index.php?rest_route=%2Fwp%2Fv2%2Fmedia&parent=21"}],"curies":[{"name":"wp","href":"https:\/\/api.w.org\/{rel}","templated":true}]}}